{"id":76,"date":"2016-03-22T23:48:29","date_gmt":"2016-03-22T22:48:29","guid":{"rendered":"http:\/\/mathsguyon.fr\/?page_id=76"},"modified":"2019-08-28T07:41:40","modified_gmt":"2019-08-28T06:41:40","slug":"second-degre","status":"publish","type":"page","link":"https:\/\/mathsguyon.fr\/?page_id=76","title":{"rendered":"Second degr\u00e9 (ancien programme de seconde)"},"content":{"rendered":"<ul>\n<li>\n<h2><a href=\"http:\/\/mathsguyon.fr\/wp-content\/uploads\/2016\/03\/Second_degre_cours_2017_trou.pdf\">Cours_\u00e0_trou<\/a>\u00a0\u00a0\u00a0\u00a0\u00a0\u00a0\u00a0\u00a0\u00a0\u00a0\u00a0\u00a0\u00a0\u00a0\u00a0\u00a0\u00a0\u00a0 <a href=\"http:\/\/mathsguyon.fr\/wp-content\/uploads\/2016\/03\/PDT.pdf\">Plan De Travail<\/a><\/h2>\n<\/li>\n<\/ul>\n<h2 style=\"text-align: center;\"><span style=\"color: #800000;\">Vid\u00e9os d&rsquo;accompagnement au cours :<\/span><\/h2>\n<hr \/>\n<hr \/>\n<h2 align=\"LEFT\"><a href=\"https:\/\/edpuzzle.com\/assignments\/5aea2c6e24645e40ddf94704\/watch\">Vid\u00e9o 1<\/a> : \u00c9tude fonction carr\u00e9e.<\/h2>\n<h2 align=\"LEFT\"><a href=\"https:\/\/edpuzzle.com\/assignments\/5aea3190be3b9240d15294e9\/watch\">Vid\u00e9o 2 :<\/a> Sens de variation de la fonction carr\u00e9e<\/h2>\n<h2 align=\"LEFT\"><a href=\"https:\/\/youtube.com\/embed\/sga5w8kHO-Y\">Vid\u00e9o 3<\/a> : Repr\u00e9sentation graphique de la fonction carr\u00e9e<\/h2>\n<h2 align=\"LEFT\"><a href=\"https:\/\/edpuzzle.com\/assignments\/5af9c3ab5179cb40a10436ce\/watch\">Vid\u00e9o 4<\/a> : D\u00e9finition d&rsquo;un Polyn\u00f4mes de degr\u00e9 2. Forme d\u00e9velopp\u00e9e<\/h2>\n<h2 align=\"LEFT\"><a href=\"https:\/\/edpuzzle.com\/assignments\/5af9c3bcfa44e540f60c782f\/watch\">Vid\u00e9o 5 :\u00a0<\/a>D\u00e9finition de la forme canonique<\/h2>\n<h2 align=\"LEFT\"><a href=\"https:\/\/edpuzzle.com\/assignments\/5afed519b1f7db405bda1ee4\/watch\">Vid\u00e9o 6<\/a> : D\u00e9finition de la forme factoris\u00e9e<\/h2>\n<h2 align=\"LEFT\"><a href=\"https:\/\/edpuzzle.com\/assignments\/5afed7cc821e18406de6c7a7\/watch\">Vid\u00e9o 7<\/a> : Variations avec la forme d\u00e9velopp\u00e9e<\/h2>\n<h2 align=\"LEFT\"><a href=\"https:\/\/edpuzzle.com\/assignments\/5afed932b1f7db405bda44b7\/watch\">Vid\u00e9o 8 :<\/a> Application : \u00c9tude des variations de $$f(x)= 3 x^2 &#8211; 6 x + 2$$<\/h2>\n<h2 align=\"LEFT\"><a href=\"https:\/\/edpuzzle.com\/assignments\/5afedb1e425c4840701a94fb\/watch\">Vid\u00e9os 9 :<\/a> Variations avec la forme factoris\u00e9e<\/h2>\n<h2 align=\"LEFT\"><a href=\"https:\/\/edpuzzle.com\/assignments\/5b040a54d6245f4082238a23\/watch\">Vid\u00e9o 10 :<\/a> Application : \u00c9tude des variations de $$f(x)= -2(x -3 )(x + 4)$$<\/h2>\n<h2 align=\"LEFT\"><a href=\"https:\/\/edpuzzle.com\/assignments\/5b0478d5b5c1cf40704074ff\/watch\">Vid\u00e9o 11<\/a> :Variations avec la forme canonique<\/h2>\n<h2 align=\"LEFT\"><a href=\"https:\/\/edpuzzle.com\/assignments\/5b047a4bb5c1cf4070407fc5\/watch\">Vid\u00e9o 12<\/a> : Application : \u00c9tude des variations de $$f(x)= 3 (x &#8211; 2)^2 + 2$$<\/h2>\n<h2 align=\"LEFT\"><a href=\"https:\/\/edpuzzle.com\/assignments\/5b047ba004279f407dd9628d\/watch\">Vid\u00e9o 13<\/a> : Application : \u00c9tude des variations de $$f(x)= -2(x +3 )^2-1$$<\/h2>\n<hr \/>\n<h3 style=\"text-align: center;\" align=\"LEFT\"><strong>Vid\u00e9os sans QCM :<\/strong><\/h3>\n<h3 align=\"LEFT\"><a href=\"https:\/\/youtube.com\/embed\/Y1RpHX2NYmA\">Vid\u00e9o 1<\/a> ;\u00a0\u00a0<a href=\"https:\/\/youtube.com\/embed\/Uutm_BW1pfw\">Vid\u00e9o 2<\/a> ; <a href=\"https:\/\/youtube.com\/embed\/sga5w8kHO-Y\">Vid\u00e9o 3<\/a>;\u00a0<a href=\"https:\/\/youtube.com\/embed\/oxbHcB_o60Y\">Vid\u00e9o 4<\/a>;\u00a0<a href=\"https:\/\/youtube.com\/embed\/5knpZENiyJw\">Vid\u00e9o 5<\/a> ; <a href=\"https:\/\/youtube.com\/embed\/Ex8jVlPEwGk\">Vid\u00e9o 6 \u00a0<\/a>; <a href=\"https:\/\/youtube.com\/embed\/D7FVKjP1l3g\">Vid\u00e9o 7<\/a>;\u00a0<a href=\"https:\/\/youtube.com\/embed\/lF9MWx-TyOk\">Vid\u00e9o 8<\/a> ; <a href=\"https:\/\/youtube.com\/embed\/OeMyocta2Zo\">Vid\u00e9o 9<\/a> ; <a href=\"https:\/\/youtu.be\/dpu2x9yMvZQ\">Vid\u00e9o 10<\/a> ; <a href=\"https:\/\/youtube.com\/embed\/YW2se_-Cpks\">vid\u00e9o 11<\/a> ; <a href=\"https:\/\/youtube.com\/embed\/Hz3kk3SP6wc\">vid\u00e9o 12<\/a> ; <a href=\"https:\/\/youtube.com\/embed\/MsW8wqDSk6A\">vid\u00e9o 13<\/a><\/h3>\n<hr \/>\n<ul>\n<li>\n<h2><a href=\"http:\/\/mathsguyon.fr\/?page_id=167\">Exercices corrig\u00e9s en vid\u00e9o<\/a><\/h2>\n<\/li>\n<\/ul>\n","protected":false},"excerpt":{"rendered":"<p>Cours_\u00e0_trou\u00a0\u00a0\u00a0\u00a0\u00a0\u00a0\u00a0\u00a0\u00a0\u00a0\u00a0\u00a0\u00a0\u00a0\u00a0\u00a0\u00a0\u00a0 Plan De Travail Vid\u00e9os d&rsquo;accompagnement au cours : Vid\u00e9o 1 : \u00c9tude fonction carr\u00e9e. Vid\u00e9o 2 : Sens de variation de la fonction carr\u00e9e Vid\u00e9o 3 : Repr\u00e9sentation graphique de la fonction carr\u00e9e Vid\u00e9o 4 : D\u00e9finition d&rsquo;un Polyn\u00f4mes &hellip; <a href=\"https:\/\/mathsguyon.fr\/?page_id=76\">Continuer la lecture <span class=\"meta-nav\">&rarr;<\/span><\/a><\/p>\n","protected":false},"author":1,"featured_media":0,"parent":21,"menu_order":0,"comment_status":"closed","ping_status":"closed","template":"","meta":{"footnotes":""},"class_list":["post-76","page","type-page","status-publish","hentry"],"_links":{"self":[{"href":"https:\/\/mathsguyon.fr\/index.php?rest_route=\/wp\/v2\/pages\/76","targetHints":{"allow":["GET"]}}],"collection":[{"href":"https:\/\/mathsguyon.fr\/index.php?rest_route=\/wp\/v2\/pages"}],"about":[{"href":"https:\/\/mathsguyon.fr\/index.php?rest_route=\/wp\/v2\/types\/page"}],"author":[{"embeddable":true,"href":"https:\/\/mathsguyon.fr\/index.php?rest_route=\/wp\/v2\/users\/1"}],"replies":[{"embeddable":true,"href":"https:\/\/mathsguyon.fr\/index.php?rest_route=%2Fwp%2Fv2%2Fcomments&post=76"}],"version-history":[{"count":40,"href":"https:\/\/mathsguyon.fr\/index.php?rest_route=\/wp\/v2\/pages\/76\/revisions"}],"predecessor-version":[{"id":5969,"href":"https:\/\/mathsguyon.fr\/index.php?rest_route=\/wp\/v2\/pages\/76\/revisions\/5969"}],"up":[{"embeddable":true,"href":"https:\/\/mathsguyon.fr\/index.php?rest_route=\/wp\/v2\/pages\/21"}],"wp:attachment":[{"href":"https:\/\/mathsguyon.fr\/index.php?rest_route=%2Fwp%2Fv2%2Fmedia&parent=76"}],"curies":[{"name":"wp","href":"https:\/\/api.w.org\/{rel}","templated":true}]}}